{"id":72,"date":"2020-05-13T08:09:00","date_gmt":"2020-05-13T06:09:00","guid":{"rendered":"https:\/\/mairie-reffannes.cc-parthenay-gatine.fr\/?page_id=72"},"modified":"2020-05-18T14:25:24","modified_gmt":"2020-05-18T12:25:24","slug":"la-gestion-des-dechets","status":"publish","type":"page","link":"https:\/\/www.mairie-reffannes.fr\/index.php\/la-commune\/la-gestion-des-dechets\/","title":{"rendered":"La gestion des d\u00e9chets"},"content":{"rendered":"\n<div class=\"wp-block-media-text alignfull has-media-on-the-right is-stacked-on-mobile\"><figure class=\"wp-block-media-text__media\"><\/figure><div class=\"wp-block-media-text__content\">\n<figure class=\"wp-block-table\"><table><tbody><tr><td colspan=\"3\"><a href=\"https:\/\/sites.google.com\/site\/reffannes\/la-commune\/la-gestion-des-dechets\/horaires%20dechetteries.JPG?attredirects=0\"><img decoding=\"async\" src=\"https:\/\/sites.google.com\/site\/reffannes\/_\/rsrc\/1429702206789\/la-commune\/la-gestion-des-dechets\/horaires%20dechetteries.JPG\"><\/a><\/td><\/tr><tr><td colspan=\"3\"><br>Vous pouvez retrouvez ci-dessous les documents mis \u00e0 disposition par le SMC<br>(Syndicat Mixte \u00e0 la Carte) de Sainte-Eanne concernant la gestion des d\u00e9chets<br>et les d\u00e9chetterie, notamment concernant le compostage \u00e0 domicile sous ses<br>diff\u00e9rentes formes.<br><br>Pour plus d&rsquo;informations, rendez-vous sur le site du SMC&nbsp;\n<a href=\"http:\/\/www.smc79.fr\/\" target=\"_blank\" rel=\"noopener noreferrer\">http:\/\/www.smc79.fr<\/a><br><\/td><\/tr><tr><td><a href=\"http:\/\/steve.durvin.free.fr\/fic_mairie\/smc\/guide%20de%20la%20prevention%20smitted.pdf\" target=\"_blank\" rel=\"noopener noreferrer\"><img loading=\"lazy\" decoding=\"async\" width=\"150\" height=\"71\" alt=\"iconeSMC\" src=\"http:\/\/steve.durvin.free.fr\/fic_mairie\/smc\/img\/iconeSMC.gif\"><br><br>guide de la prevention smitted<\/a><\/td><td><a href=\"http:\/\/steve.durvin.free.fr\/fic_mairie\/smc\/guide%20dechetterie.pdf\" target=\"_blank\" rel=\"noopener noreferrer\"><img loading=\"lazy\" decoding=\"async\" width=\"149\" height=\"70\" alt=\"iconeSMC2\" src=\"http:\/\/steve.durvin.free.fr\/fic_mairie\/smc\/img\/iconeSMC2.gif\"><br><br>guide dechetterie<\/a><\/td><td><a href=\"http:\/\/steve.durvin.free.fr\/fic_mairie\/smc\/guide%20de%20tri.pdf\" target=\"_blank\" rel=\"noopener noreferrer\"><img loading=\"lazy\" decoding=\"async\" width=\"150\" height=\"70\" alt=\"iconeSMC3\" src=\"http:\/\/idata.over-blog.com\/3\/51\/29\/07\/SMC\/img\/iconeSMC3.gif\"><br><br>guide de tri.pdf<\/a><\/td><\/tr><tr><td><br\/><br\/><a rel=\"noreferrer noopener\" href=\"http:\/\/steve.durvin.free.fr\/fic_mairie\/smc\/memo%20tri.pdf\" target=\"_blank\"><img loading=\"lazy\" decoding=\"async\" width=\"149\" height=\"70\" alt=\"iconeSMC4\" src=\"http:\/\/steve.durvin.free.fr\/fic_mairie\/smc\/img\/iconeSMC4.gif\"><br\/><br\/><br\/>memo tri<\/a><\/td><td><br><br><a rel=\"noreferrer noopener\" href=\"http:\/\/steve.durvin.free.fr\/fic_mairie\/smc\/plaquette%20demande%20composteur.pdf\" target=\"_blank\"><img loading=\"lazy\" decoding=\"async\" width=\"149\" height=\"71\" alt=\"iconeSMC5\" src=\"http:\/\/steve.durvin.free.fr\/fic_mairie\/smc\/img\/iconeSMC5.gif\"><br><br><br>plaquette demande composteur<\/a><\/td><td><br><br><a rel=\"noreferrer noopener\" href=\"http:\/\/steve.durvin.free.fr\/fic_mairie\/smc\/fiches%20techniques%20compostage.pdf\" target=\"_blank\"><img loading=\"lazy\" decoding=\"async\" width=\"149\" height=\"70\" alt=\"iconeSMC6\" src=\"http:\/\/steve.durvin.free.fr\/fic_mairie\/smc\/img\/iconeSMC6.gif\"><br><br><br>fiches techniques compostage<\/a><\/td><\/tr><\/tbody><\/table><\/figure>\n\n\n\n<p>Autres Documents :<\/p>\n\n\n\n<p>&#8211;&nbsp;<a href=\"http:\/\/steve.durvin.free.fr\/fic_mairie\/smc\/Graine_d_humus_Les_engrais_verts.pdf\" target=\"_blank\" rel=\"noreferrer noopener\">Graine d&rsquo;humus &#8211; les dechets verts<\/a><\/p>\n<\/div><\/div>\n","protected":false},"excerpt":{"rendered":"<p>Vous pouvez retrouvez ci-dessous les documents mis \u00e0 disposition par le SMC(Syndicat Mixte \u00e0 la Carte) de Sainte-Eanne concernant la gestion des d\u00e9chetset les d\u00e9chetterie,&hellip;<\/p>\n","protected":false},"author":1,"featured_media":0,"parent":42,"menu_order":0,"comment_status":"closed","ping_status":"closed","template":"","meta":{"footnotes":""},"class_list":["post-72","page","type-page","status-publish","hentry"],"_links":{"self":[{"href":"https:\/\/www.mairie-reffannes.fr\/index.php\/wp-json\/wp\/v2\/pages\/72","targetHints":{"allow":["GET"]}}],"collection":[{"href":"https:\/\/www.mairie-reffannes.fr\/index.php\/wp-json\/wp\/v2\/pages"}],"about":[{"href":"https:\/\/www.mairie-reffannes.fr\/index.php\/wp-json\/wp\/v2\/types\/page"}],"author":[{"embeddable":true,"href":"https:\/\/www.mairie-reffannes.fr\/index.php\/wp-json\/wp\/v2\/users\/1"}],"replies":[{"embeddable":true,"href":"https:\/\/www.mairie-reffannes.fr\/index.php\/wp-json\/wp\/v2\/comments?post=72"}],"version-history":[{"count":10,"href":"https:\/\/www.mairie-reffannes.fr\/index.php\/wp-json\/wp\/v2\/pages\/72\/revisions"}],"predecessor-version":[{"id":125,"href":"https:\/\/www.mairie-reffannes.fr\/index.php\/wp-json\/wp\/v2\/pages\/72\/revisions\/125"}],"up":[{"embeddable":true,"href":"https:\/\/www.mairie-reffannes.fr\/index.php\/wp-json\/wp\/v2\/pages\/42"}],"wp:attachment":[{"href":"https:\/\/www.mairie-reffannes.fr\/index.php\/wp-json\/wp\/v2\/media?parent=72"}],"curies":[{"name":"wp","href":"https:\/\/api.w.org\/{rel}","templated":true}]}}